{"id":3250,"date":"2021-06-25T12:57:28","date_gmt":"2021-06-25T12:57:28","guid":{"rendered":"https:\/\/gaudit.ad\/competitivite-entrepreneuriale\/"},"modified":"2021-10-18T15:35:22","modified_gmt":"2021-10-18T15:35:22","slug":"competitivite-entrepreneuriale","status":"publish","type":"page","link":"https:\/\/gaudit.ad\/fr\/competitivite-entrepreneuriale\/","title":{"rendered":"Comp\u00e9titivit\u00e9 entrepreneuriale"},"content":{"rendered":"<div class=\"wpb-content-wrapper\">[vc_row css_animation=\u00a0\u00bb\u00a0\u00bb row_type=\u00a0\u00bbrow\u00a0\u00bb use_row_as_full_screen_section=\u00a0\u00bbno\u00a0\u00bb type=\u00a0\u00bbfull_width\u00a0\u00bb angled_section=\u00a0\u00bbno\u00a0\u00bb text_align=\u00a0\u00bbcenter\u00a0\u00bb background_image_as_pattern=\u00a0\u00bbwithout_pattern\u00a0\u00bb z_index=\u00a0\u00bb\u00a0\u00bb background_color=\u00a0\u00bb#f2f2f2&Prime; background_image=\u00a0\u00bb634&Prime;][vc_column][qode_elements_holder number_of_columns=\u00a0\u00bbone_column\u00a0\u00bb][qode_elements_holder_item advanced_animations=\u00a0\u00bbno\u00a0\u00bb item_padding=\u00a0\u00bb40px 35% 40px\u00a0\u00bb item_padding_480=\u00a0\u00bb60px 5% 60px\u00a0\u00bb item_padding_480_600=\u00a0\u00bb60px 5% 60px\u00a0\u00bb item_padding_768_1024=\u00a0\u00bb60px 5% 60px\u00a0\u00bb item_padding_600_768=\u00a0\u00bb60px 5% 60px\u00a0\u00bb][vc_column_text]\n<h1>Comp\u00e9titivit\u00e9 entrepreneuriale<\/h1>\n[\/vc_column_text][vc_column_text]Notre pays r\u00e9unit des avantages concurrentiels significatifs que nous aimerions pouvoir vous pr\u00e9senter. [\/vc_column_text][\/qode_elements_holder_item][\/qode_elements_holder][\/vc_column][\/vc_row][vc_row css_animation=\u00a0\u00bb\u00a0\u00bb row_type=\u00a0\u00bbrow\u00a0\u00bb use_row_as_full_screen_section=\u00a0\u00bbno\u00a0\u00bb type=\u00a0\u00bbgrid\u00a0\u00bb angled_section=\u00a0\u00bbno\u00a0\u00bb text_align=\u00a0\u00bbleft\u00a0\u00bb background_image_as_pattern=\u00a0\u00bbwithout_pattern\u00a0\u00bb z_index=\u00a0\u00bb\u00a0\u00bb][vc_column offset=\u00a0\u00bbvc_col-lg-6&Prime;][qode_elements_holder number_of_columns=\u00a0\u00bbone_column\u00a0\u00bb][qode_elements_holder_item horizontal_alignment=\u00a0\u00bbcenter\u00a0\u00bb advanced_animations=\u00a0\u00bbno\u00a0\u00bb item_padding=\u00a0\u00bb50px 0% 50px\u00a0\u00bb][vc_single_image image=\u00a0\u00bb3253&Prime; img_size=\u00a0\u00bbfull\u00a0\u00bb qode_css_animation=\u00a0\u00bb\u00a0\u00bb][\/qode_elements_holder_item][\/qode_elements_holder][\/vc_column][vc_column offset=\u00a0\u00bbvc_col-lg-6&Prime;][qode_elements_holder number_of_columns=\u00a0\u00bbone_column\u00a0\u00bb][qode_elements_holder_item advanced_animations=\u00a0\u00bbno\u00a0\u00bb item_padding=\u00a0\u00bb50px 0% 50px\u00a0\u00bb][vc_column_text]\n<h3 style=\"text-align: justify;\"><strong>Le pays pr\u00e9sente un tableau d\u2019\u00e9l\u00e9ments de comp\u00e9titivit\u00e9 entrepreneuriale particuli\u00e8rement attirants, depuis plusieurs aspects.<\/strong><\/h3>\n[\/vc_column_text][vc_empty_space height=\u00a0\u00bb20px\u00a0\u00bb][vc_column_text]\n<p style=\"text-align: justify;\">Le tableau macro\u00e9conomique, une fiscalit\u00e9 non confiscatrice, les activit\u00e9s \u00e9conomiques ax\u00e9es sur les services, l\u2019acc\u00e8s \u00e0 l\u2019innovation technologique, la flexibilit\u00e9 au niveau de l\u2019adaptation r\u00e9glementaire, le bon fonctionnement des institutions politiques, leur stabilit\u00e9, le mod\u00e8le \u00e9ducatif, un mod\u00e8le d\u2019inclusion sociale et la durabilit\u00e9 environnementale configurent un ensemble d\u2019attributs solides pour le bon fonctionnement des entreprises.<\/p>\n<p>&nbsp;<\/p>\n<p style=\"text-align: justify;\"><strong>L\u2019Andorre dispose d\u2019un cadre fiscal homologable au niveau international mais en m\u00eame temps tr\u00e8s int\u00e9ressant, avec un taux d\u2019imposition maximal de 10 % pour les imp\u00f4ts directs (Imp\u00f4t sur les soci\u00e9t\u00e9s, Imp\u00f4t sur le revenu des personnes physiques et Imp\u00f4t sur le revenu des non-r\u00e9sidents), et un taux d\u2019imposition g\u00e9n\u00e9ral de 4,5 % pour les imp\u00f4ts indirects (Imp\u00f4t g\u00e9n\u00e9ral indirect \u2013IGI). <\/strong><\/p>\n<p>&nbsp;<\/p>\n<p style=\"text-align: justify;\">L\u2019inexistence d\u2019imp\u00f4ts sur le patrimoine ni sur les successions et donations, la signature de conventions visant \u00e0 \u00e9viter la double imposition, et le fait de ne pas pratiquer de pr\u00e9l\u00e8vement sur les dividendes que distribuent les soci\u00e9t\u00e9s andorranes, font de l\u2019Andorre une destination de tout premier niveau, aussi bien pour les personnes morales que pour les personnes physiques.<\/p>\n[\/vc_column_text][\/qode_elements_holder_item][\/qode_elements_holder][\/vc_column][\/vc_row][vc_row css_animation=\u00a0\u00bb\u00a0\u00bb row_type=\u00a0\u00bbrow\u00a0\u00bb use_row_as_full_screen_section=\u00a0\u00bbno\u00a0\u00bb type=\u00a0\u00bbgrid\u00a0\u00bb angled_section=\u00a0\u00bbno\u00a0\u00bb text_align=\u00a0\u00bbleft\u00a0\u00bb background_image_as_pattern=\u00a0\u00bbwithout_pattern\u00a0\u00bb z_index=\u00a0\u00bb\u00a0\u00bb background_color=\u00a0\u00bb#f2f2f2&Prime;][vc_column offset=\u00a0\u00bbvc_col-lg-12&Prime;][qode_elements_holder number_of_columns=\u00a0\u00bbone_column\u00a0\u00bb][qode_elements_holder_item horizontal_alignment=\u00a0\u00bbcenter\u00a0\u00bb advanced_animations=\u00a0\u00bbno\u00a0\u00bb item_padding=\u00a0\u00bb30px 0% 30px\u00a0\u00bb][vc_column_text]\n<h3>Comment pouvons-nous vous aider?<\/h3>\n[\/vc_column_text][vc_empty_space height=\u00a0\u00bb15px\u00a0\u00bb][vc_column_text]Nous nous chargeons d\u2019effectuer toutes les d\u00e9marches n\u00e9cessaires relatives \u00e0 votre installation en Andorre:[\/vc_column_text][vc_empty_space height=\u00a0\u00bb15px\u00a0\u00bb]<div class=\"qode-accordion-holder clearfix qode-toggle qode-initial \">\n\t<h4 class=\"clearfix qode-title-holder\">\n<span class=\"qode-tab-title\">\n\t    <span class=\"qode-tab-title-inner\">\n        Cr\u00e9ation de votre entreprise    <\/span>\n<\/span>\n<span class=\"qode-accordion-mark\">\n    <span class=\"qode-accordion-mark-icon\">\n        <span class=\"icon_plus\"><\/span>\n        <span class=\"icon_minus-06\"><\/span>\n    <\/span>\n<\/span>\n<\/h4>\n<div  class=\"qode-accordion-content \" >\n    <div class=\"qode-accordion-content-inner\">\n        [vc_column_text el_class=\u00a0\u00bbcontent-accordion\u00a0\u00bb]Nous r\u00e9alisons toutes les t\u00e2ches n\u00e9cessaires \u00e0 la constitution de votre soci\u00e9t\u00e9 ou commerce, et nous nous chargeons de toutes les d\u00e9marches.[\/vc_column_text]    <\/div>\n<\/div><h4 class=\"clearfix qode-title-holder\">\n<span class=\"qode-tab-title\">\n\t    <span class=\"qode-tab-title-inner\">\n        Obtention de la r\u00e9sidence active    <\/span>\n<\/span>\n<span class=\"qode-accordion-mark\">\n    <span class=\"qode-accordion-mark-icon\">\n        <span class=\"icon_plus\"><\/span>\n        <span class=\"icon_minus-06\"><\/span>\n    <\/span>\n<\/span>\n<\/h4>\n<div  class=\"qode-accordion-content \" >\n    <div class=\"qode-accordion-content-inner\">\n        [vc_column_text el_class=\u00a0\u00bbcontent-accordion\u00a0\u00bb]Nous aidons et accompagnons, aussi bien les travailleurs ind\u00e9pendants que les tiers, tout le long du processus pour obtenir le permis de r\u00e9sidence.[\/vc_column_text]    <\/div>\n<\/div><h4 class=\"clearfix qode-title-holder\">\n<span class=\"qode-tab-title\">\n\t    <span class=\"qode-tab-title-inner\">\n        Obtention de la r\u00e9sidence passive    <\/span>\n<\/span>\n<span class=\"qode-accordion-mark\">\n    <span class=\"qode-accordion-mark-icon\">\n        <span class=\"icon_plus\"><\/span>\n        <span class=\"icon_minus-06\"><\/span>\n    <\/span>\n<\/span>\n<\/h4>\n<div  class=\"qode-accordion-content \" >\n    <div class=\"qode-accordion-content-inner\">\n        [vc_column_text el_class=\u00a0\u00bbcontent-accordion\u00a0\u00bb]\n<p style=\"text-align: center;\">Nous faisons toutes les d\u00e9marches n\u00e9cessaires pour obtenir la r\u00e9sidence passive. Une grande opportunit\u00e9 pour s\u2019installer et vivre en Andorre pour les personnes qui se consacrent \u00e0 la gestion d\u2019investissements de patrimoines propres, qui sont des professionnels avec une projection internationale ou pour des raisons d\u2019int\u00e9r\u00eat scientifique, culturel et sportif.<\/p>\n[\/vc_column_text]    <\/div>\n<\/div><h4 class=\"clearfix qode-title-holder\">\n<span class=\"qode-tab-title\">\n\t    <span class=\"qode-tab-title-inner\">\n        Conseils pour obtenir la r\u00e9sidence fiscale    <\/span>\n<\/span>\n<span class=\"qode-accordion-mark\">\n    <span class=\"qode-accordion-mark-icon\">\n        <span class=\"icon_plus\"><\/span>\n        <span class=\"icon_minus-06\"><\/span>\n    <\/span>\n<\/span>\n<\/h4>\n<div  class=\"qode-accordion-content \" >\n    <div class=\"qode-accordion-content-inner\">\n        [vc_column_text el_class=\u00a0\u00bbcontent-accordion\u00a0\u00bb]Nous proposons un conseil global dans votre d\u00e9cision d\u2019\u00e9tablir votre r\u00e9sidence fiscale en Andorre, en vous accompagnant tout le long du processus des d\u00e9marches pour obtenir l\u2019autorisation de r\u00e9sidence.[\/vc_column_text]    <\/div>\n<\/div><\/div>[\/qode_elements_holder_item][\/qode_elements_holder][\/vc_column][\/vc_row][vc_row css_animation=\u00a0\u00bb\u00a0\u00bb row_type=\u00a0\u00bbrow\u00a0\u00bb use_row_as_full_screen_section=\u00a0\u00bbno\u00a0\u00bb type=\u00a0\u00bbgrid\u00a0\u00bb angled_section=\u00a0\u00bbno\u00a0\u00bb text_align=\u00a0\u00bbleft\u00a0\u00bb background_image_as_pattern=\u00a0\u00bbwithout_pattern\u00a0\u00bb z_index=\u00a0\u00bb\u00a0\u00bb background_color=\u00a0\u00bb#f9f9f9&Prime;][vc_column offset=\u00a0\u00bbvc_col-lg-6&Prime;][qode_elements_holder number_of_columns=\u00a0\u00bbone_column\u00a0\u00bb][qode_elements_holder_item advanced_animations=\u00a0\u00bbno\u00a0\u00bb item_padding=\u00a0\u00bb90px 0% 50px\u00a0\u00bb item_padding_480=\u00a0\u00bb40px 5% 20px\u00a0\u00bb item_padding_480_600=\u00a0\u00bb40px 5% 20px\u00a0\u00bb item_padding_768_1024=\u00a0\u00bb40px 0% 5px\u00a0\u00bb item_padding_600_768=\u00a0\u00bb40px 0% 5px\u00a0\u00bb][vc_column_text]\n<h3>Contactez-nous<\/h3>\n[\/vc_column_text][vc_empty_space height=\u00a0\u00bb15px\u00a0\u00bb][vc_column_text]\n<p style=\"text-align: justify;\">Si vous avez besoin d\u2019un devis sur l\u2019un de nos services ou plus d\u2019informations, n\u2019h\u00e9sitez pas \u00e0 nous t\u00e9l\u00e9phoner ou \u00e0 nous adresser un courriel. Vous pouvez \u00e9galement nous contacter en utilisant le formulaire de cette page.<\/p>\n[\/vc_column_text][vc_empty_space height=\u00a0\u00bb15px\u00a0\u00bb][vc_column_text]Le client, ses int\u00e9r\u00eats et sa satisfaction sont toujours au c\u0153ur de notre activit\u00e9.[\/vc_column_text][\/qode_elements_holder_item][\/qode_elements_holder][\/vc_column][vc_column offset=\u00a0\u00bbvc_col-lg-6&Prime;][qode_elements_holder number_of_columns=\u00a0\u00bbone_column\u00a0\u00bb][qode_elements_holder_item advanced_animations=\u00a0\u00bbno\u00a0\u00bb item_padding=\u00a0\u00bb70px 0% 50px\u00a0\u00bb item_padding_480_600=\u00a0\u00bb20px 5% 20px\u00a0\u00bb item_padding_480=\u00a0\u00bb20px 5% 20px\u00a0\u00bb item_padding_768_1024=\u00a0\u00bb5px 0% 20px\u00a0\u00bb item_padding_600_768=\u00a0\u00bb5px 0% 20px\u00a0\u00bb]\n<div class=\"wpcf7 no-js\" id=\"wpcf7-f3526-o1\" lang=\"fr-FR\" dir=\"ltr\" data-wpcf7-id=\"3526\">\n<div class=\"screen-reader-response\"><p role=\"status\" aria-live=\"polite\" aria-atomic=\"true\"><\/p> <ul><\/ul><\/div>\n<form action=\"\/fr\/wp-json\/wp\/v2\/pages\/3250#wpcf7-f3526-o1\" method=\"post\" class=\"wpcf7-form init cf7_custom_style_1\" aria-label=\"Formulaire de contact\" novalidate=\"novalidate\" data-status=\"init\">\n<fieldset class=\"hidden-fields-container\"><input type=\"hidden\" name=\"_wpcf7\" value=\"3526\" \/><input type=\"hidden\" name=\"_wpcf7_version\" value=\"6.1.7\" \/><input type=\"hidden\" name=\"_wpcf7_locale\" value=\"fr_FR\" \/><input type=\"hidden\" name=\"_wpcf7_unit_tag\" value=\"wpcf7-f3526-o1\" \/><input type=\"hidden\" name=\"_wpcf7_container_post\" value=\"0\" \/><input type=\"hidden\" name=\"_wpcf7_posted_data_hash\" value=\"\" \/><input type=\"hidden\" name=\"_wpcf7cf_hidden_group_fields\" value=\"[]\" \/><input type=\"hidden\" name=\"_wpcf7cf_hidden_groups\" value=\"[]\" \/><input type=\"hidden\" name=\"_wpcf7cf_visible_groups\" value=\"[]\" \/><input type=\"hidden\" name=\"_wpcf7cf_repeaters\" value=\"[]\" \/><input type=\"hidden\" name=\"_wpcf7cf_steps\" value=\"{}\" \/><input type=\"hidden\" name=\"_wpcf7cf_options\" value=\"{&quot;form_id&quot;:3526,&quot;conditions&quot;:[],&quot;settings&quot;:{&quot;animation&quot;:&quot;yes&quot;,&quot;animation_intime&quot;:200,&quot;animation_outtime&quot;:200,&quot;conditions_ui&quot;:&quot;normal&quot;,&quot;notice_dismissed&quot;:false,&quot;repeater_remove_button&quot;:&quot;bottom&quot;,&quot;notice_dismissed_rollback-cf7-5.6&quot;:true,&quot;notice_dismissed_rollback-cf7-5.6.3&quot;:true,&quot;notice_dismissed_rollback-cf7-6.0&quot;:true}}\" \/><input type=\"hidden\" name=\"_wpcf7_recaptcha_response\" value=\"\" \/>\n<\/fieldset>\n<p><span class=\"wpcf7-form-control-wrap\" data-name=\"your-name\"><input size=\"40\" maxlength=\"400\" class=\"wpcf7-form-control wpcf7-text wpcf7-validates-as-required\" aria-required=\"true\" aria-invalid=\"false\" placeholder=\"Pr\u00e9nom et noms*\" value=\"\" type=\"text\" name=\"your-name\" \/><\/span>\n<\/p>\n<p><span class=\"wpcf7-form-control-wrap\" data-name=\"your-email\"><input size=\"40\" maxlength=\"400\" class=\"wpcf7-form-control wpcf7-email wpcf7-validates-as-required wpcf7-text wpcf7-validates-as-email\" aria-required=\"true\" aria-invalid=\"false\" placeholder=\"Adresse \u00e9lectronique *\" value=\"\" type=\"email\" name=\"your-email\" \/><\/span>\n<\/p>\n<p><span class=\"wpcf7-form-control-wrap\" data-name=\"your-phone\"><input size=\"40\" maxlength=\"400\" class=\"wpcf7-form-control wpcf7-text\" aria-invalid=\"false\" placeholder=\"T\u00e9l\u00e9phone de contact\" value=\"\" type=\"text\" name=\"your-phone\" \/><\/span>\n<\/p>\n<p><span class=\"wpcf7-form-control-wrap\" data-name=\"servei\"><select class=\"wpcf7-form-control wpcf7-select wpcf7-validates-as-required\" aria-required=\"true\" aria-invalid=\"false\" name=\"servei\"><option value=\"S\u00e9lectionner une option *\">S\u00e9lectionner une option *<\/option><option value=\"Consulting\">Consulting<\/option><option value=\"Fiscal\">Fiscal<\/option><option value=\"Auditor\u00eda\">Auditor\u00eda<\/option><option value=\"Family Office\">Family Office<\/option><option value=\"Legal\">Legal<\/option><option value=\"Autres\">Autres<\/option><\/select><\/span>\n<\/p>\n<p><span class=\"wpcf7-form-control-wrap\" data-name=\"your-message\"><textarea cols=\"40\" rows=\"10\" maxlength=\"2000\" class=\"wpcf7-form-control wpcf7-textarea\" aria-invalid=\"false\" placeholder=\"Notez ici votre consultation, nos professionnels vous r\u00e9pondront\" name=\"your-message\"><\/textarea><\/span>\n<\/p>\n<p><span class=\"wpcf7-form-control-wrap\" data-name=\"acceptance-445\"><span class=\"wpcf7-form-control wpcf7-acceptance\"><span class=\"wpcf7-list-item\"><label><input type=\"checkbox\" name=\"acceptance-445\" value=\"1\" aria-invalid=\"false\" \/><span class=\"wpcf7-list-item-label\">J'ai lu et j'accepte la <a href=\"\/fr\/politica-de-privacitat\/\">politique de confidentialit\u00e9 <\/a><\/span><\/label><\/span><\/span><\/span>\n<\/p>\n<p><input class=\"wpcf7-form-control wpcf7-submit has-spinner\" type=\"submit\" value=\"Envoyer\" \/>\n<\/p><div class=\"wpcf7-response-output\" aria-hidden=\"true\"><\/div>\n<\/form>\n<\/div>\n[\/qode_elements_holder_item][\/qode_elements_holder][\/vc_column][\/vc_row]\n<\/div>","protected":false},"excerpt":{"rendered":"<p>[vc_row css_animation=\u00a0\u00bb\u00a0\u00bb row_type=\u00a0\u00bbrow\u00a0\u00bb use_row_as_full_screen_section=\u00a0\u00bbno\u00a0\u00bb type=\u00a0\u00bbfull_width\u00a0\u00bb angled_section=\u00a0\u00bbno\u00a0\u00bb text_align=\u00a0\u00bbcenter\u00a0\u00bb background_image_as_pattern=\u00a0\u00bbwithout_pattern\u00a0\u00bb z_index=\u00a0\u00bb\u00a0\u00bb background_color=\u00a0\u00bb#f2f2f2&Prime; background_image=\u00a0\u00bb634&Prime;][vc_column][qode_elements_holder number_of_columns=\u00a0\u00bbone_column\u00a0\u00bb][qode_elements_holder_item advanced_animations=\u00a0\u00bbno\u00a0\u00bb item_padding=\u00a0\u00bb40px 35% 40px\u00a0\u00bb item_padding_480=\u00a0\u00bb60px 5% 60px\u00a0\u00bb item_padding_480_600=\u00a0\u00bb60px&#8230;<\/p>\n","protected":false},"author":1,"featured_media":0,"parent":0,"menu_order":0,"comment_status":"closed","ping_status":"closed","template":"full_width.php","meta":{"footnotes":""},"class_list":["post-3250","page","type-page","status-publish","hentry"],"yoast_head":"<!-- This site is optimized with the Yoast SEO plugin v27.7 - https:\/\/yoast.com\/product\/yoast-seo-wordpress\/ -->\n<title>Comp\u00e9titivit\u00e9 entrepreneuriale - Gaudit<\/title>\n<meta name=\"description\" content=\"Le pays pr\u00e9sente un tableau d\u2019\u00e9l\u00e9ments de comp\u00e9titivit\u00e9 entrepreneuriale particuli\u00e8rement attirants, depuis plusieurs aspects.\" \/>\n<meta name=\"robots\" content=\"index, follow, max-snippet:-1, max-image-preview:large, max-video-preview:-1\" \/>\n<link rel=\"canonical\" href=\"https:\/\/gaudit.ad\/fr\/competitivite-entrepreneuriale\/\" \/>\n<meta property=\"og:locale\" content=\"fr_FR\" \/>\n<meta property=\"og:type\" content=\"article\" \/>\n<meta property=\"og:title\" content=\"Comp\u00e9titivit\u00e9 entrepreneuriale - Gaudit\" \/>\n<meta property=\"og:description\" content=\"Le pays pr\u00e9sente un tableau d\u2019\u00e9l\u00e9ments de comp\u00e9titivit\u00e9 entrepreneuriale particuli\u00e8rement attirants, depuis plusieurs aspects.\" \/>\n<meta property=\"og:url\" content=\"https:\/\/gaudit.ad\/fr\/competitivite-entrepreneuriale\/\" \/>\n<meta property=\"og:site_name\" content=\"Gaudit\" \/>\n<meta property=\"article:modified_time\" content=\"2021-10-18T15:35:22+00:00\" \/>\n<meta name=\"twitter:card\" content=\"summary_large_image\" \/>\n<meta name=\"twitter:label1\" content=\"Dur\u00e9e de lecture estim\u00e9e\" \/>\n\t<meta name=\"twitter:data1\" content=\"5 minutes\" \/>\n<script type=\"application\/ld+json\" class=\"yoast-schema-graph\">{\"@context\":\"https:\\\/\\\/schema.org\",\"@graph\":[{\"@type\":\"WebPage\",\"@id\":\"https:\\\/\\\/gaudit.ad\\\/fr\\\/competitivite-entrepreneuriale\\\/\",\"url\":\"https:\\\/\\\/gaudit.ad\\\/fr\\\/competitivite-entrepreneuriale\\\/\",\"name\":\"Comp\u00e9titivit\u00e9 entrepreneuriale - Gaudit\",\"isPartOf\":{\"@id\":\"https:\\\/\\\/gaudit.ad\\\/#website\"},\"datePublished\":\"2021-06-25T12:57:28+00:00\",\"dateModified\":\"2021-10-18T15:35:22+00:00\",\"description\":\"Le pays pr\u00e9sente un tableau d\u2019\u00e9l\u00e9ments de comp\u00e9titivit\u00e9 entrepreneuriale particuli\u00e8rement attirants, depuis plusieurs aspects.\",\"breadcrumb\":{\"@id\":\"https:\\\/\\\/gaudit.ad\\\/fr\\\/competitivite-entrepreneuriale\\\/#breadcrumb\"},\"inLanguage\":\"fr-FR\",\"potentialAction\":[{\"@type\":\"ReadAction\",\"target\":[\"https:\\\/\\\/gaudit.ad\\\/fr\\\/competitivite-entrepreneuriale\\\/\"]}]},{\"@type\":\"BreadcrumbList\",\"@id\":\"https:\\\/\\\/gaudit.ad\\\/fr\\\/competitivite-entrepreneuriale\\\/#breadcrumb\",\"itemListElement\":[{\"@type\":\"ListItem\",\"position\":1,\"name\":\"Portada\",\"item\":\"https:\\\/\\\/gaudit.ad\\\/fr\\\/\"},{\"@type\":\"ListItem\",\"position\":2,\"name\":\"Comp\u00e9titivit\u00e9 entrepreneuriale\"}]},{\"@type\":\"WebSite\",\"@id\":\"https:\\\/\\\/gaudit.ad\\\/#website\",\"url\":\"https:\\\/\\\/gaudit.ad\\\/\",\"name\":\"Gaudit\",\"description\":\"Serveis Integrals d&#039;Auditoria i Consultoria a Andorra\",\"publisher\":{\"@id\":\"https:\\\/\\\/gaudit.ad\\\/#organization\"},\"potentialAction\":[{\"@type\":\"SearchAction\",\"target\":{\"@type\":\"EntryPoint\",\"urlTemplate\":\"https:\\\/\\\/gaudit.ad\\\/?s={search_term_string}\"},\"query-input\":{\"@type\":\"PropertyValueSpecification\",\"valueRequired\":true,\"valueName\":\"search_term_string\"}}],\"inLanguage\":\"fr-FR\"},{\"@type\":\"Organization\",\"@id\":\"https:\\\/\\\/gaudit.ad\\\/#organization\",\"name\":\"Gaudit\",\"url\":\"https:\\\/\\\/gaudit.ad\\\/\",\"logo\":{\"@type\":\"ImageObject\",\"inLanguage\":\"fr-FR\",\"@id\":\"https:\\\/\\\/gaudit.ad\\\/#\\\/schema\\\/logo\\\/image\\\/\",\"url\":\"https:\\\/\\\/gaudit.ad\\\/wp-content\\\/uploads\\\/2021\\\/05\\\/guadit-nou-logo-1.jpg\",\"contentUrl\":\"https:\\\/\\\/gaudit.ad\\\/wp-content\\\/uploads\\\/2021\\\/05\\\/guadit-nou-logo-1.jpg\",\"width\":210,\"height\":36,\"caption\":\"Gaudit\"},\"image\":{\"@id\":\"https:\\\/\\\/gaudit.ad\\\/#\\\/schema\\\/logo\\\/image\\\/\"}}]}<\/script>\n<!-- \/ Yoast SEO plugin. -->","yoast_head_json":{"title":"Comp\u00e9titivit\u00e9 entrepreneuriale - Gaudit","description":"Le pays pr\u00e9sente un tableau d\u2019\u00e9l\u00e9ments de comp\u00e9titivit\u00e9 entrepreneuriale particuli\u00e8rement attirants, depuis plusieurs aspects.","robots":{"index":"index","follow":"follow","max-snippet":"max-snippet:-1","max-image-preview":"max-image-preview:large","max-video-preview":"max-video-preview:-1"},"canonical":"https:\/\/gaudit.ad\/fr\/competitivite-entrepreneuriale\/","og_locale":"fr_FR","og_type":"article","og_title":"Comp\u00e9titivit\u00e9 entrepreneuriale - Gaudit","og_description":"Le pays pr\u00e9sente un tableau d\u2019\u00e9l\u00e9ments de comp\u00e9titivit\u00e9 entrepreneuriale particuli\u00e8rement attirants, depuis plusieurs aspects.","og_url":"https:\/\/gaudit.ad\/fr\/competitivite-entrepreneuriale\/","og_site_name":"Gaudit","article_modified_time":"2021-10-18T15:35:22+00:00","twitter_card":"summary_large_image","twitter_misc":{"Dur\u00e9e de lecture estim\u00e9e":"5 minutes"},"schema":{"@context":"https:\/\/schema.org","@graph":[{"@type":"WebPage","@id":"https:\/\/gaudit.ad\/fr\/competitivite-entrepreneuriale\/","url":"https:\/\/gaudit.ad\/fr\/competitivite-entrepreneuriale\/","name":"Comp\u00e9titivit\u00e9 entrepreneuriale - Gaudit","isPartOf":{"@id":"https:\/\/gaudit.ad\/#website"},"datePublished":"2021-06-25T12:57:28+00:00","dateModified":"2021-10-18T15:35:22+00:00","description":"Le pays pr\u00e9sente un tableau d\u2019\u00e9l\u00e9ments de comp\u00e9titivit\u00e9 entrepreneuriale particuli\u00e8rement attirants, depuis plusieurs aspects.","breadcrumb":{"@id":"https:\/\/gaudit.ad\/fr\/competitivite-entrepreneuriale\/#breadcrumb"},"inLanguage":"fr-FR","potentialAction":[{"@type":"ReadAction","target":["https:\/\/gaudit.ad\/fr\/competitivite-entrepreneuriale\/"]}]},{"@type":"BreadcrumbList","@id":"https:\/\/gaudit.ad\/fr\/competitivite-entrepreneuriale\/#breadcrumb","itemListElement":[{"@type":"ListItem","position":1,"name":"Portada","item":"https:\/\/gaudit.ad\/fr\/"},{"@type":"ListItem","position":2,"name":"Comp\u00e9titivit\u00e9 entrepreneuriale"}]},{"@type":"WebSite","@id":"https:\/\/gaudit.ad\/#website","url":"https:\/\/gaudit.ad\/","name":"Gaudit","description":"Serveis Integrals d&#039;Auditoria i Consultoria a Andorra","publisher":{"@id":"https:\/\/gaudit.ad\/#organization"},"potentialAction":[{"@type":"SearchAction","target":{"@type":"EntryPoint","urlTemplate":"https:\/\/gaudit.ad\/?s={search_term_string}"},"query-input":{"@type":"PropertyValueSpecification","valueRequired":true,"valueName":"search_term_string"}}],"inLanguage":"fr-FR"},{"@type":"Organization","@id":"https:\/\/gaudit.ad\/#organization","name":"Gaudit","url":"https:\/\/gaudit.ad\/","logo":{"@type":"ImageObject","inLanguage":"fr-FR","@id":"https:\/\/gaudit.ad\/#\/schema\/logo\/image\/","url":"https:\/\/gaudit.ad\/wp-content\/uploads\/2021\/05\/guadit-nou-logo-1.jpg","contentUrl":"https:\/\/gaudit.ad\/wp-content\/uploads\/2021\/05\/guadit-nou-logo-1.jpg","width":210,"height":36,"caption":"Gaudit"},"image":{"@id":"https:\/\/gaudit.ad\/#\/schema\/logo\/image\/"}}]}},"_links":{"self":[{"href":"https:\/\/gaudit.ad\/fr\/wp-json\/wp\/v2\/pages\/3250","targetHints":{"allow":["GET"]}}],"collection":[{"href":"https:\/\/gaudit.ad\/fr\/wp-json\/wp\/v2\/pages"}],"about":[{"href":"https:\/\/gaudit.ad\/fr\/wp-json\/wp\/v2\/types\/page"}],"author":[{"embeddable":true,"href":"https:\/\/gaudit.ad\/fr\/wp-json\/wp\/v2\/users\/1"}],"replies":[{"embeddable":true,"href":"https:\/\/gaudit.ad\/fr\/wp-json\/wp\/v2\/comments?post=3250"}],"version-history":[{"count":5,"href":"https:\/\/gaudit.ad\/fr\/wp-json\/wp\/v2\/pages\/3250\/revisions"}],"predecessor-version":[{"id":3933,"href":"https:\/\/gaudit.ad\/fr\/wp-json\/wp\/v2\/pages\/3250\/revisions\/3933"}],"wp:attachment":[{"href":"https:\/\/gaudit.ad\/fr\/wp-json\/wp\/v2\/media?parent=3250"}],"curies":[{"name":"wp","href":"https:\/\/api.w.org\/{rel}","templated":true}]}}